{"id":3,"date":"2020-03-21T15:19:50","date_gmt":"2020-03-21T14:19:50","guid":{"rendered":"https:\/\/ligawl.pl\/?page_id=3"},"modified":"2023-03-09T10:59:53","modified_gmt":"2023-03-09T09:59:53","slug":"polityka-prywatnosci","status":"publish","type":"page","link":"https:\/\/ligawl.pl\/index.php\/polityka-prywatnosci\/","title":{"rendered":"Polityka prywatno\u015bci strony"},"content":{"rendered":"\n<p>Niniejsza Polityka Prywatno\u015bci okre\u015bla zasady przetwarzania i ochrony danych osobowych przekazanych przez u\u017cytkownik\u00f3w w zwi\u0105zku z korzystaniem przez nich z us\u0142ug oferowanych przez serwis internetowy <a href=\"https:\/\/www.wiaralecha.pl\/\">https:\/\/www.<\/a>ligawl<a href=\"https:\/\/www.wiaralecha.pl\/\"><\/a><a href=\"https:\/\/www.wiaralecha.pl\/\">.pl\/<\/a> (dalej: Serwis).<\/p>\n\n\n\n<p>Administratorzy danych osobowych zawartych w Serwisie jest:<\/p>\n\n\n\n<h3 class=\"wp-block-heading\"><strong>STOWARZYSZENIE WIARA LECHA, Bu\u0142garska 17, 60-320 Pozna\u0144, e-mail: Administratora (dalej: ADO).<\/strong><\/h3>\n\n\n\n<p>W trosce o bezpiecze\u0144stwo powierzonych danych osobowych ADO dzia\u0142a w oparciu o wewn\u0119trzne procedury i zalecenia, zgodne z odpowiednimi aktami prawnymi w zakresie ochrony danych osobowych, a w szczeg\u00f3lno\u015bci z Rozporz\u0105dzeniem Parlamentu Europejskiego i Rady (UE) 2016\/679 z dnia 27 kwietnia 2016 r. w sprawie ochrony os\u00f3b fizycznych w zwi\u0105zku z przetwarzaniem danych osobowych i w sprawie swobodnego przep\u0142ywu takich danych oraz uchylenia dyrektywy 95\/46 WE.<\/p>\n\n\n\n<p>ADO dok\u0142ada szczeg\u00f3lnej staranno\u015bci w celu ochrony interes\u00f3w os\u00f3b, kt\u00f3rych dane dotycz\u0105, a w szczeg\u00f3lno\u015bci zapewnia, i\u017c dane osobowe s\u0105:<\/p>\n\n\n\n<ul class=\"wp-block-list\">\n<li>przetwarzane zgodnie z prawem;<\/li>\n\n\n\n<li>zbierane dla oznaczonych, zgodnych z prawem cel\u00f3w i niepoddawane dalszemu przetwarzaniu niezgodnemu z tymi celami;<\/li>\n\n\n\n<li>merytorycznie poprawne i adekwatne w stosunku do cel\u00f3w, w jakich s\u0105 przetwarzane;<\/li>\n\n\n\n<li>przechowywane w postaci umo\u017cliwiaj\u0105cej identyfikacj\u0119 os\u00f3b, kt\u00f3rych dotycz\u0105, nie d\u0142u\u017cej ni\u017c jest to niezb\u0119dne do osi\u0105gni\u0119cia celu przetwarzania.<\/li>\n<\/ul>\n\n\n\n<p>ADO realizuje funkcje pozyskiwania informacji o u\u017cytkownikach i ich zachowaniach w nast\u0119puj\u0105cy spos\u00f3b:<\/p>\n\n\n\n<p>&#8211; poprzez dobrowolnie wprowadzenie informacji w formularzach, w celu:<\/p>\n\n\n\n<ul class=\"wp-block-list\">\n<li>udzielania odpowiedzi na zapytania u\u017cytkownik\u00f3w kierowane przy u\u017cyciu formularza kontaktowego na podstawie art. 6 ust. 1 lit. f RODO (prawnie uzasadniony interes administratora polegaj\u0105cy na umo\u017cliwieniu realizacji kontaktu z u\u017cytkownikami, odpowiedzi na pytania u\u017cytkownik\u00f3w)<\/li>\n\n\n\n<li>zg\u0142oszenia zespo\u0142u do rozgrywek na podstawie art. 6 ust. 1 lit. f RODO (prawnie uzasadniony interes administratora polegaj\u0105cy na umo\u017cliwieniu organizacji rozgrywek)<\/li>\n\n\n\n<li>realizacji uzasadnionego interesu ADO w szczeg\u00f3lnych przypadkach na podstawie Art. 6 ust. 1 lit. f RODO np. windykacji<\/li>\n<\/ul>\n\n\n\n<p>Podanie danych osobowych jest dobrowolne, jednak niezb\u0119dne dla realizacji powy\u017cszych cel\u00f3w. Konsekwencj\u0105 niepodania danych osobowych b\u0119dzie brak mo\u017cliwo\u015bci kontaktu b\u0105d\u017a zg\u0142oszenia zespo\u0142u do rozgrywek.<\/p>\n\n\n\n<p>-poprzez gromadzenie plik\u00f3w \u201ccookies\u201d.<\/p>\n\n\n\n<p>Przy pierwszej wizycie w serwisie u\u017cytkownik informowany jest o u\u017cywaniu plik\u00f3w cookies. Klikaj\u0105c AKCEPTUJ\u0118 WSZYSTKO u\u017cytkownik wyra\u017ca zgod\u0119 na stosowanie plik\u00f3w cookies na stronie internetowej. U\u017cytkownik mo\u017ce w ka\u017cdym czasie zmieni\u0107 ustawienia plik\u00f3w cookies tutaj [link do panelu zarz\u0105dzania cookies w Polityce prywatno\u015bci].<\/p>\n\n\n\n<p>Cookies niezb\u0119dne do dzia\u0142ania witryny mo\u017cna zmieni\u0107&nbsp; zmieniaj\u0105c ustawienia przegl\u0105darki, przy czym nale\u017cy mie\u0107 na uwadze, \u017ce zmiana ustawie\u0144 mo\u017ce spowodowa\u0107 nieprawid\u0142owe funkcjonowanie witryny.<\/p>\n\n\n\n<p>Wy\u0142\u0105czenie niekt\u00f3rych plik\u00f3w cookie mo\u017ce spowodowa\u0107 b\u0142\u0119dne dzia\u0142anie strony oraz brak dost\u0119pu do niekt\u00f3rych funkcji.<\/p>\n\n\n\n<p>Wi\u0119cej informacji na temat plik\u00f3w cookies dost\u0119pnych jest w sekcji \u201ePomoc\u201d w menu przegl\u0105darki internetowej u\u017cytkownika.<\/p>\n\n\n\n<p><a>U\u017cytkownicy, kt\u00f3rzy po zapoznaniu si\u0119 z informacjami dost\u0119pnymi w serwisie, nie chc\u0105 \u017ceby pliki cookies pozosta\u0142y zachowane w przegl\u0105darce internetowej urz\u0105dzenia, powinni usun\u0105\u0107 je ze swojej przegl\u0105darki po zako\u0144czeniu wizyty w Internetowym serwisie informacyjnym.<\/a><\/p>\n\n\n\n<p>W ramach Serwisu stosowane s\u0105 nast\u0119puj\u0105ce rodzaje plik\u00f3w \u201ecookies\u201d:<\/p>\n\n\n\n<ul class=\"wp-block-list\">\n<li>pliki niezb\u0119dne, czyli fundamentalne dla podstawowej funkcjonalno\u015bci strony,<\/li>\n\n\n\n<li>pliki marketingowe -u\u017cywane do personalizowania tre\u015bci reklam, w\u0142a\u015bciwego kierowania i analizowania wydajno\u015bci kana\u0142\u00f3w marketingowych i kana\u0142\u00f3w sprzeda\u017cy.<\/li>\n<\/ul>\n\n\n\n<p>Pliki cookie, kt\u00f3re stosujemy, pozwalaj\u0105 nam rozwija\u0107 nasz\u0105 stron\u0119.<\/p>\n\n\n\n<p>Odbiorcami danych osobowych mog\u0105 by\u0107 organy, instytucje oraz podmioty uprawnione na mocy przepis\u00f3w prawa, a tak\u017ce podmioty \u015bwiadcz\u0105ce us\u0142ugi na rzecz ADO (np. obs\u0142uga prawna, IT, marketingowa, ksi\u0119gowa oraz inne podmioty uczestnicz\u0105ce w realizacji zam\u00f3wionej us\u0142ugi.<\/p>\n\n\n\n<p><strong>Postanowienia dotycz\u0105ce ochrony danych w zakresie zastosowania oraz korzystania z Facebook Pixel<\/strong><\/p>\n\n\n\n<p>Korzystamy z narz\u0119dzi marketingowych, takich jak Facebook Pixel, by kierowa\u0107 do Ciebie spersonalizowane reklamy w serwisie Facebook. Wi\u0105\u017ce si\u0119 to z wykorzystywaniem plik\u00f3w cookies firmy Facebook. W ramach ustawie\u0144 plik\u00f3w cookies mo\u017cesz zadecydowa\u0107, czy wyra\u017casz zgod\u0119 na korzystanie w Twoim przypadku z Pixela Facebooka, czy nie.<\/p>\n\n\n\n<p>Wi\u0119cej na temat przetwarzania danych przez Facebook: <a href=\"https:\/\/www.facebook.com\/privacy\/explanation\">https:\/\/www.facebook.com\/privacy\/explanation<\/a><\/p>\n\n\n\n<p>Stowarzyszenie Wiara Lecha posiada konta na portalach spo\u0142eczno\u015bciowych Facebook, Twitter oraz Instagram. Konta prowadzone s\u0105 w&nbsp;celu&nbsp; prowadzenia fanpage Stowarzyszenia, promowania jego dzia\u0142alno\u015bci, informowania o bie\u017c\u0105cych wydarzeniach, umo\u017cliwienia kontaktu i podejmowania interakcji z osobami zainteresowanymi dzia\u0142alno\u015bci\u0105 Stowarzyszenia).<\/p>\n\n\n\n<p>Ka\u017cdy kana\u0142 medi\u00f3w spo\u0142eczno\u015bciowych ma w\u0142asn\u0105 polityk\u0119 dotycz\u0105c\u0105 sposobu przetwarzania i&nbsp;ochrony danych osobowych.<\/p>\n\n\n\n<p><strong>Facebook<\/strong><strong><\/strong><\/p>\n\n\n\n<p>Wtyczki Facebooka mo\u017cna rozpozna\u0107 po logo Facebook. W tym celu wykorzystywane s\u0105 pliki firmy Facebook Inc., 1 Hacker Way Park, California 94025, USA. Podgl\u0105d wtyczek znajdziesz na stronie: <a href=\"https:\/\/developers.facebook,com\/docs\/plugins\/\"><\/a>&nbsp;https:\/\/developers.facebook.com\/docs\/plugins . Podczas odwiedzania strony wtyczka ustanawia bezpo\u015brednie po\u0142\u0105czenie miedzy przegl\u0105dark\u0105 a serwerem Facebook. W ten spos\u00f3b Facebook otrzymuje informacje, ze odwiedzi\u0142e\u015b nasz\u0105 stron\u0119 z Twoim adresem IP. Gdy jeste\u015b zalogowany na swoim koncie na Facebooku i klikniesz na \u201eprzycisk polubienia\u201d, mo\u017cesz po\u0142\u0105czy\u0107 tre\u015b\u0107 naszych stron z Twoim profilem na Facebooku. W rezultacie Facebook mo\u017ce przypisa\u0107 wizyt\u0119 na naszych stronach do Twojego konta u\u017cytkownika. Nie posiadamy wiedzy na temat tre\u015bci przekazywanych danych, ani sposobu ich wykorzystywania przez Facebook. W przypadku gdy nie chcesz, aby Facebook przyporz\u0105dkowa\u0142 Twoj\u0105 wizyt\u0119 na naszych stronach z kontem u\u017cytkownika Facebooka, wyloguj si\u0119 z konta u\u017cytkownika Facebooka.<\/p>\n\n\n\n<p>Wi\u0119cej na temat przetwarzania danych przez Facebook: <a href=\"https:\/\/de-de.facebook.com\/policy.php\">https:\/\/de-de.facebook.com\/policy.php<\/a>.<\/p>\n\n\n\n<p><strong>Twitter<\/strong><strong><\/strong><\/p>\n\n\n\n<p>Korzystaj\u0105c z Twittera odwiedzane przez Ciebie strony internetowe zostan\u0105 po\u0142\u0105czone z Twoim kontem Twitter i udost\u0119pnione innym u\u017cytkownikom. Podczas tego dane zostan\u0105 r\u00f3wnie\u017c przesy\u0142ane do Twittera. Informujemy, \u017ce jako us\u0142ugodawca stron nie posiadamy wiedzy na temat tre\u015bci przekazywanych danych, ani ich wykorzystywania przez Twitter. Informacje na temat przetwarzania danych osobowych przez portal Twitter, 355 Market Street, Suite 900, San Francisco, CA 94103 USA, a&nbsp;w UE Twitter International Company 1&nbsp;Cumberland St. S, Fenian St, Dublin 2, D02 AX07, Irlandia, dost\u0119pne s\u0105 pod adresem:&nbsp;<a href=\"https:\/\/twitter.com\/en\/privacy\">https:\/\/twitter.com\/en\/privacy<\/a>.<\/p>\n\n\n\n<p>Twoje ustawienia ochrony danych mo\u017cesz zmieni\u0107 na Twitterze w ustawieniach konta na stronie internetowej&nbsp;<a href=\"https:\/\/twitter.com\/account\/settings\" target=\"_blank\" rel=\"noreferrer noopener\">https:\/\/twitter.com\/account\/settings<\/a>.<\/p>\n\n\n\n<p><strong>Instagram<\/strong><strong><\/strong><\/p>\n\n\n\n<p>Na naszej stronie internetowej zintegrowane s\u0105 komponenty od Instagram. Instagram to fotograficzny serwis spo\u0142eczno\u015bciowy hostingu zdj\u0119\u0107, po\u0142\u0105czony z aplikacj\u0105 o tej samej nazwie, kt\u00f3ry umo\u017cliwia u\u017cytkownikom edycj\u0119 zdj\u0119\u0107 i film\u00f3w, stosowanie do nich filtr\u00f3w cyfrowych oraz udost\u0119pnianie ich w r\u00f3\u017cnych serwisach spo\u0142eczno\u015bciowych.<\/p>\n\n\n\n<p>Wi\u0119cej na temat przetwarzania danych przez Instagram: <a href=\"https:\/\/help.instagram.com\/519522125107875\">https:\/\/help.instagram.com\/519522125107875<\/a>.<\/p>\n\n\n\n<p>Je\u015bli masz jakiekolwiek w\u0105tpliwo\u015bci lub pytania dotycz\u0105ce wykorzystania danych osobowych przez w\/w portale, przed ich u\u017cyciem dok\u0142adnie zapoznaj si\u0119 z&nbsp;ich polityk\u0105 prywatno\u015bci.<\/p>\n\n\n\n<p>Do przetwarzanych przez ADO danych przys\u0142uguje wgl\u0105d u\u017cytkownikowi Serwisu, kt\u00f3ry je przekaza\u0142. U\u017cytkownik ma r\u00f3wnie\u017c prawo do modyfikacji tych danych, \u017c\u0105dania ich usuni\u0119cia oraz ograniczenia lub zaprzestania przetwarzania swoich danych osobowych w dowolnym momencie. W dowolnym momencie u\u017cytkownik mo\u017ce r\u00f3wnie\u017c \u017c\u0105da\u0107 usuni\u0119cia swoich danych osobowych z serwisu b\u0105d\u017a wnie\u015b\u0107 sprzeciw wobec przetwarzania jego danych osobowych.<\/p>\n\n\n\n<p>W celu wykonania swoich praw wskazanych powy\u017cej u\u017cytkownik Serwisu powinien skontaktowa\u0107 si\u0119 z ADO korzystaj\u0105c z tego samego adresu email lub numeru telefonu przekazanego do Serwisu, kontaktuj\u0105c si\u0119 na adres e-mail ADO.<\/p>\n\n\n\n<p>Ka\u017cdy u\u017cytkownik serwisu mo\u017ce wnie\u015b\u0107 skarg\u0119 do Urz\u0119du Ochrony Danych Osobowych.<\/p>\n\n\n\n<p>W Serwisie mog\u0105 pojawia\u0107 si\u0119 linki do innych stron internetowych, kt\u00f3re dzia\u0142aj\u0105 niezale\u017cnie od Serwisu i nie s\u0105 w \u017caden spos\u00f3b nadzorowane przez Serwis. Strony te mog\u0105 posiada\u0107 w\u0142asne polityki dotycz\u0105ce prywatno\u015bci oraz regulaminy, z kt\u00f3rymi zalecamy si\u0119 uwa\u017cnie zapozna\u0107.<\/p>\n\n\n\n<p>ADO zastrzega sobie prawo do zmiany w polityce prywatno\u015bci serwisu, co mo\u017ce zosta\u0107 spowodowane przez rozw\u00f3j technologii internetowej, ewentualne zmiany prawa w zakresie ochrony danych osobowych oraz rozw\u00f3j Serwisu. O wszelkich zmianach b\u0119dziemy informowa\u0107 u\u017cytkownik\u00f3w w spos\u00f3b widoczny i zrozumia\u0142y.<\/p>\n","protected":false},"excerpt":{"rendered":"<p>Niniejsza Polityka Prywatno\u015bci okre\u015bla zasady przetwarzania i ochrony danych osobowych przekazanych przez u\u017cytkownik\u00f3w w zwi\u0105zku z korzystaniem przez nich z us\u0142ug oferowanych przez serwis internetowy https:\/\/www.ligawl.pl\/ (dalej: Serwis). Administratorzy danych osobowych zawartych w Serwisie jest: STOWARZYSZENIE WIARA LECHA, Bu\u0142garska 17, 60-320 Pozna\u0144, e-mail: Administratora (dalej: ADO). W trosce o bezpiecze\u0144stwo powierzonych danych osobowych ADO dzia\u0142a [&hellip;]<\/p>\n","protected":false},"author":1,"featured_media":0,"parent":0,"menu_order":0,"comment_status":"closed","ping_status":"open","template":"template-fullwidth.php","meta":{"footnotes":""},"class_list":["post-3","page","type-page","status-publish","hentry"],"jetpack_sharing_enabled":true,"_links":{"self":[{"href":"https:\/\/ligawl.pl\/index.php\/wp-json\/wp\/v2\/pages\/3","targetHints":{"allow":["GET"]}}],"collection":[{"href":"https:\/\/ligawl.pl\/index.php\/wp-json\/wp\/v2\/pages"}],"about":[{"href":"https:\/\/ligawl.pl\/index.php\/wp-json\/wp\/v2\/types\/page"}],"author":[{"embeddable":true,"href":"https:\/\/ligawl.pl\/index.php\/wp-json\/wp\/v2\/users\/1"}],"replies":[{"embeddable":true,"href":"https:\/\/ligawl.pl\/index.php\/wp-json\/wp\/v2\/comments?post=3"}],"version-history":[{"count":1,"href":"https:\/\/ligawl.pl\/index.php\/wp-json\/wp\/v2\/pages\/3\/revisions"}],"predecessor-version":[{"id":24691,"href":"https:\/\/ligawl.pl\/index.php\/wp-json\/wp\/v2\/pages\/3\/revisions\/24691"}],"wp:attachment":[{"href":"https:\/\/ligawl.pl\/index.php\/wp-json\/wp\/v2\/media?parent=3"}],"curies":[{"name":"wp","href":"https:\/\/api.w.org\/{rel}","templated":true}]}}